{"id":654,"date":"2022-07-08T08:41:30","date_gmt":"2022-07-08T07:41:30","guid":{"rendered":"https:\/\/www.oneart.lu\/?post_type=artists&#038;p=654"},"modified":"2026-02-28T14:43:15","modified_gmt":"2026-02-28T13:43:15","slug":"andrea-schmitt","status":"publish","type":"artists","link":"https:\/\/www.oneart.lu\/en\/artist\/andrea-schmitt","title":{"rendered":"ANDREA SCHMITT"},"content":{"rendered":"<p>Size: <strong>1m60<\/strong><br \/>\nHair Color: <strong>Hazel \/ ch\u00e2tin<\/strong><br \/>\nEyes: <strong>green\u00a0 \/ vert<\/strong><\/p>\n<p><strong><em>Languages:<br \/>\n<\/em><\/strong>French: <strong><em>native<\/em><\/strong><br \/>\nEnglish: <strong>advanced<\/strong><br \/>\n<strong><br \/>\n<\/strong><\/p>\n<p><strong><em>Nationality<\/em>:<\/strong><br \/>\n<strong>French<\/strong><\/p>\n<p><strong><em>Country and Zone:<\/em><\/strong><br \/>\n<strong>FRANCE \/ Longwy (available worldwide)<\/strong><\/p>\n<p>DANCE: good basics<br \/>\n<strong>SPORTS : Ice Skating, Fencing<\/strong><\/p>\n<p><em><strong>Tv and Series:<\/strong><\/em><span style=\"font-family: Bebas Neue, serif;\"><span style=\"font-size: medium;\"><br \/>\n2022 &#8211; &#8220;Louis 28&#8221; \/ G\u00e9raldine de Margerie et Maxime Donzel<br \/>\n2021 &#8211; &#8220;Week end Family&#8221; \/ PEF<br \/>\n2020 &#8211; &#8220;Coyotes&#8221; r\u00e9alis\u00e9 par JacquesMolitor et Gary Seghers<br \/>\n2019 &#8211; &#8220;Balthazar&#8221; \/ J\u00e9r\u00e9my Minui<br \/>\n2018 &#8211; saison 4 de &#8220;La stagiaire&#8221; \/\u00a0 St\u00e9phane Kappes<br \/>\n2017 &#8211; s\u00e9rie d&#8217;anticipation &#8220;Ad Vitam&#8221; \/ Thomas Cailley<\/span><\/span><\/p>\n<p>&nbsp;<\/p>\n<p><em><strong>Feature Films \/ Long m\u00e9trages:<\/strong><\/em><br \/>\n2020 -&#8220;On est fait pour s&#8217;entendre&#8221; \/\u00a0 Pascal Elb\u00e9<\/p>\n<p><em><strong>Short Films \/ Court m\u00e9trages:<\/strong><\/em><br \/>\n2022 -&#8220;Noa et Mina&#8221; de Adil Voisin<br \/>\n2021 &#8211; &#8220;Dominique personne&#8221; \/ Camille Pernin<\/p>\n<p><em><strong>Pub \/ Films institutionnels \/ Clip:<\/strong><\/em><br \/>\n2025- Call of Duty: Black Ops 7 &#8211; Le Replacer r\u00e9alis\u00e9 par Rapha\u00ebl Sartoris<br \/>\n2019 &#8211; &#8220;Mouv&#8221; \/ Jean-Pascal Zadi<\/p>\n<p><em><strong>Stage \/ Th\u00e9\u00e2tre:<\/strong><\/em><br \/>\n2022 -&#8220;Le coffre a jouet&#8221; de Arthur Loisel au festival d&#8217;Avignon off 2022 \/ funambule<br \/>\n2019 &#8211; cr\u00e9ation &#8220;Objection&#8221;, une pi\u00e8ce contre le harc\u00e8lement scolaire,<br \/>\nChristophe Beudet<br \/>\n2017 &#8211; &#8220;R\u00e9volte en Europe&#8221; \/ Jules Audry<br \/>\n2016 &#8211; &#8220;L&#8217;amour est \u00e9ternel tant qu&#8221;il dure&#8221; \/ Mihai Tarna<\/p>\n<p><strong>Dubbing \/ Doublage:<\/strong><br \/>\n2024 &#8211; Petits r\u00f4les dans \u201cDiablo IV\u201d dirig\u00e9 par Robinson Lerisset<br \/>\n2024 &#8211; R\u00f4le dans un jeu \u00e0 venir, dirig\u00e9 par Robinson Lerisset<br \/>\n2025 &#8211; R\u00f4le dans la publicit\u00e9 Pok\u00e9mon, dirig\u00e9 par Robinson Lerisset<\/p>\n<p><em><strong>Education and workshops \/ Formations et Stages:<br \/>\n<\/strong><\/em>ACTORAT EICAR PARIS<br \/>\nCascade avec Giles de Murger<br \/>\nDoublage avec David Amsalem<br \/>\nArt dramatique avec Liana Nyquist<br \/>\nArt dramatique avec Thibaut Fernandez<\/p>","protected":false},"featured_media":7528,"template":"","categorie":[32,45],"eye_color":[5],"language":[24,25],"age":[19],"size":[31,30],"hair_color":[37],"body_type":[48],"nationality":[58],"categorie_type":[60],"voices":[72],"class_list":["post-654","artists","type-artists","status-publish","has-post-thumbnail","hentry","categorie-actors","categorie-voix","eye_color-eyes_green","language-french","language-english","age-age_2","size-size_1","size-size_2","hair_color-hair_brown","body_type-mince","nationality-french","categorie_type-female","voices-french"],"acf":[],"_links":{"self":[{"href":"https:\/\/www.oneart.lu\/en\/wp-json\/wp\/v2\/artists\/654","targetHints":{"allow":["GET"]}}],"collection":[{"href":"https:\/\/www.oneart.lu\/en\/wp-json\/wp\/v2\/artists"}],"about":[{"href":"https:\/\/www.oneart.lu\/en\/wp-json\/wp\/v2\/types\/artists"}],"wp:featuredmedia":[{"embeddable":true,"href":"https:\/\/www.oneart.lu\/en\/wp-json\/wp\/v2\/media\/7528"}],"wp:attachment":[{"href":"https:\/\/www.oneart.lu\/en\/wp-json\/wp\/v2\/media?parent=654"}],"wp:term":[{"taxonomy":"categorie","embeddable":true,"href":"https:\/\/www.oneart.lu\/en\/wp-json\/wp\/v2\/categorie?post=654"},{"taxonomy":"eye_color","embeddable":true,"href":"https:\/\/www.oneart.lu\/en\/wp-json\/wp\/v2\/eye_color?post=654"},{"taxonomy":"language","embeddable":true,"href":"https:\/\/www.oneart.lu\/en\/wp-json\/wp\/v2\/language?post=654"},{"taxonomy":"age","embeddable":true,"href":"https:\/\/www.oneart.lu\/en\/wp-json\/wp\/v2\/age?post=654"},{"taxonomy":"size","embeddable":true,"href":"https:\/\/www.oneart.lu\/en\/wp-json\/wp\/v2\/size?post=654"},{"taxonomy":"hair_color","embeddable":true,"href":"https:\/\/www.oneart.lu\/en\/wp-json\/wp\/v2\/hair_color?post=654"},{"taxonomy":"body_type","embeddable":true,"href":"https:\/\/www.oneart.lu\/en\/wp-json\/wp\/v2\/body_type?post=654"},{"taxonomy":"nationality","embeddable":true,"href":"https:\/\/www.oneart.lu\/en\/wp-json\/wp\/v2\/nationality?post=654"},{"taxonomy":"categorie_type","embeddable":true,"href":"https:\/\/www.oneart.lu\/en\/wp-json\/wp\/v2\/categorie_type?post=654"},{"taxonomy":"voices","embeddable":true,"href":"https:\/\/www.oneart.lu\/en\/wp-json\/wp\/v2\/voices?post=654"}],"curies":[{"name":"wp","href":"https:\/\/api.w.org\/{rel}","templated":true}]}}