{"id":1063,"date":"2022-09-09T07:47:23","date_gmt":"2022-09-09T06:47:23","guid":{"rendered":"https:\/\/www.oneart.lu\/?post_type=artists&#038;p=1063"},"modified":"2026-02-05T18:57:12","modified_gmt":"2026-02-05T17:57:12","slug":"paul-robert","status":"publish","type":"artists","link":"https:\/\/www.oneart.lu\/en\/artist\/paul-robert","title":{"rendered":"PAUL ROBERT"},"content":{"rendered":"<p>Size: <strong>1m80<\/strong><br \/>\nHair Color: <strong>black \/ noir<\/strong><br \/>\nEyes: <strong>green \/ vert<\/strong><\/p>\n<p><em><strong>Languages:<\/strong><\/em><br \/>\n<strong>Luxembourgish: native<\/strong><br \/>\n<strong>English: fluent<\/strong><br \/>\n<strong>German: fluent<\/strong><br \/>\n<strong>French: fluent<\/strong><\/p>\n<p><em><strong>Nationality:<\/strong><\/em><br \/>\n<strong>Luxembourgish<\/strong><\/p>\n<p><em><strong>Country and Zone:<\/strong><\/em><br \/>\n<strong>LUXEMBOURG (available worldwide)<\/strong><\/p>\n<p><strong>Pr\u00e9sentateur, Animateur, Slam<br \/>\nInstruments: Ukulele<\/strong><br \/>\n<strong>Sports: acrobatics, trained for stunt work, ice skating<\/strong><br \/>\n<strong>Other: rap\/chant (bon), beatbox, skate, rollerblades, breakdance<\/strong><\/p>\n<p>&nbsp;<\/p>\n<p><em><strong>Feature Films \/ Long m\u00e9trages:<\/strong><\/em><br \/>\n2023: <strong>&#8220;Nina et le secret du h\u00e9risson&#8221; \/Jean-Loup Felicioli, Alain Gagnol \/\u00a0 Doghouse Films\u00a0<\/strong><br \/>\n2022: <strong>&#8220;Little Duke&#8221; \/ Andy Bausch \/ PTD Luxembourg<br \/>\n<\/strong>2019:<strong> &#8220;The Racer&#8221; \/ Kieron J-Walsh \/ Calach Films<br \/>\n<\/strong>2019:<strong> &#8220;Erik Stoneheart&#8221; \/ Ilmar Raag \/ PTD Luxembourg<br \/>\n<\/strong>2018: <strong>&#8220;Sawah&#8221; \/ Adolf El Assal \/ Wady Films \/ Deal Production \/ Caviar \/ Film Clinic<\/strong><\/p>\n<p><strong><em>Televison \/ T\u00e9l\u00e9vision \/ Docu &#8211; fiction \/ Web:<\/em><\/strong><br \/>\n2023: <strong>&#8220;Nemesis&#8221; \/Willem Bosch et Pieter Kuijpers \/ Disney +<\/strong><br \/>\n2021: <strong>&#8220;Capitani S2&#8221; \/ S\u00e9rie t\u00e9l\u00e9 \/ Thierry Faber, Eric Lamh\u00e8ne et Christophe Wagner \/ Samsa Film<br \/>\n<\/strong>2019: <strong>&#8220;What we talk when we talk about sex&#8221; \/ Webs\u00e9rie \/ Catherine Dauphin<\/strong><br \/>\n2018:<strong> &#8220;Zemmer ze verlounen&#8221; \/ various luxembourgish Directors \/ Calach Films<\/strong><\/p>\n<p><em><strong>Short Films \/ Court et moyen m\u00e9trages:<\/strong><\/em><br \/>\n2024 &#8211; <strong>&#8220;Oto&#8217;s Planet&#8221; \/ Gwen Fran\u00e7ois \/ Skill Lab<\/strong><br \/>\n2024- <strong>&#8220;Waiting Room&#8221; \/ Laurent Prim<\/strong><br \/>\n2023 &#8211; <strong>&#8220;Consultation&#8221; \/ Jos Pitzalis<\/strong><br \/>\n2023 &#8211; <strong>&#8220;Good Intention&#8221; \/ Dany Koppers &amp; Mandy Koppers<\/strong><br \/>\n2023 &#8211; <strong>&#8220;Taped&#8221; \/ Tobias Andrzejewski<\/strong><br \/>\n2023 &#8211; <strong>&#8220;Scalpe&#8221; \/ Frederico Majerus<\/strong><br \/>\n2023: <strong>&#8220;Henry&#8221; \/ Maxime Huygens<\/strong><br \/>\n2022: <strong>&#8220;De l\u00e4schte Pabeier&#8221; \/ Romain Gierenz \/ Calach Films<br \/>\n<\/strong>2016:<strong> &#8220;Listen Rough&#8221; \/ Pit Bredimus<br \/>\n<\/strong>2015:<strong> &#8220;Intersection&#8221; \/ Adolf El Assal<br \/>\n<\/strong>2009: <strong>&#8220;Les lettre de Julia&#8221; \/ Isabelle Constantini<\/strong><\/p>\n<p><em><strong>Pub \/ Films institutionnels \/ Clip:<\/strong><\/em><br \/>\n<strong>&#8220;Spuerkees&#8221;<br \/>\n&#8220;Losch&#8221; (voix off)<br \/>\n&#8220;Leen &#8211; sois heureux&#8221;<br \/>\n&#8220;Josh Island &#8211; Patio Blue&#8221;<br \/>\n&#8220;MERBAG &#8211; MERCEDES&#8221; \/ Have Films<br \/>\n&#8220;Paul Faber&#8221;<br \/>\n&#8220;Bofferding&#8221;<br \/>\n&#8220;European Union&#8221;<br \/>\n&#8220;Chambre des m\u00e9tiers&#8221;<br \/>\n&#8220;RTL Luxembourg&#8221;<br \/>\n&#8220;Europcar&#8221;<br \/>\n&#8220;Post&#8221;<br \/>\n<\/strong><\/p>\n<p><em><strong>Stage \/ Th\u00e9\u00e2tre<\/strong><\/em><br \/>\n2022: <strong>&#8220;Leurs enfants apr\u00e8s eux&#8221; \/ Bach-lan L\u00ea-B\u00e2 Thi, Carole Lorang et Eric Petitjean \/ Th\u00e9\u00e2tre d&#8217;Esch<\/strong><br \/>\n2021: <strong>&#8220;Les nuits d&#8217;Aurore&#8221; \/ Fabrizio Leva \/ ACTIS<br \/>\n<\/strong>2019:<strong> &#8220;Rabonzel&#8221; \/ Charles Muller \/ Th\u00e9\u00e2tre de la ville<br \/>\n<\/strong>2018:<strong> &#8220;Tous..all migrants&#8221; \/ Fabrizio Leva \/\u00a0 ACTIS<br \/>\n<\/strong>2017:<strong> &#8220;Verr\u00fccktes Blut&#8221; \/ Jean-Paul Raths \/ Trifolion Echternach<br \/>\n<\/strong>2015:<strong> &#8220;St\u00e9r\u00e9omoos St\u00e9r\u00e9otyp&#8221; \/ H\u00e4r an Madamme Knapp ASBL<\/strong><\/p>\n<p><em><strong>Education and workshops \/ Formations et Stages:<br \/>\n2022 &#8211;\u00a0 Simon Mcburney<br \/>\n2022 &#8211;\u00a0 Ted Stoffer (embodiment)<br \/>\n2022 &#8211; Xavier Durringer<br \/>\n<\/strong><\/em><em><strong>2022: Formation NORMAN TAYLOR \/ Technique Jacques Lecoq<br \/>\n2011 &#8211; 2013: ESRA \/ Ecole audiovisuel<\/strong><\/em><\/p>\n","protected":false},"featured_media":1064,"template":"","categorie":[32,45],"eye_color":[5],"language":[24,25,23,22],"age":[19],"size":[29,28],"hair_color":[36],"body_type":[47],"nationality":[55],"categorie_type":[59],"voices":[70,71,72,73],"class_list":["post-1063","artists","type-artists","status-publish","has-post-thumbnail","hentry","categorie-actors","categorie-voix","eye_color-eyes_green","language-french","language-english","language-german","language-luxembourgish","age-age_2","size-size_3","size-size_4","hair_color-hair_black","body_type-sportif","nationality-luxembourgish","categorie_type-male","voices-english","voices-luxembourgish","voices-french","voices-german"],"acf":[],"_links":{"self":[{"href":"https:\/\/www.oneart.lu\/en\/wp-json\/wp\/v2\/artists\/1063","targetHints":{"allow":["GET"]}}],"collection":[{"href":"https:\/\/www.oneart.lu\/en\/wp-json\/wp\/v2\/artists"}],"about":[{"href":"https:\/\/www.oneart.lu\/en\/wp-json\/wp\/v2\/types\/artists"}],"wp:featuredmedia":[{"embeddable":true,"href":"https:\/\/www.oneart.lu\/en\/wp-json\/wp\/v2\/media\/1064"}],"wp:attachment":[{"href":"https:\/\/www.oneart.lu\/en\/wp-json\/wp\/v2\/media?parent=1063"}],"wp:term":[{"taxonomy":"categorie","embeddable":true,"href":"https:\/\/www.oneart.lu\/en\/wp-json\/wp\/v2\/categorie?post=1063"},{"taxonomy":"eye_color","embeddable":true,"href":"https:\/\/www.oneart.lu\/en\/wp-json\/wp\/v2\/eye_color?post=1063"},{"taxonomy":"language","embeddable":true,"href":"https:\/\/www.oneart.lu\/en\/wp-json\/wp\/v2\/language?post=1063"},{"taxonomy":"age","embeddable":true,"href":"https:\/\/www.oneart.lu\/en\/wp-json\/wp\/v2\/age?post=1063"},{"taxonomy":"size","embeddable":true,"href":"https:\/\/www.oneart.lu\/en\/wp-json\/wp\/v2\/size?post=1063"},{"taxonomy":"hair_color","embeddable":true,"href":"https:\/\/www.oneart.lu\/en\/wp-json\/wp\/v2\/hair_color?post=1063"},{"taxonomy":"body_type","embeddable":true,"href":"https:\/\/www.oneart.lu\/en\/wp-json\/wp\/v2\/body_type?post=1063"},{"taxonomy":"nationality","embeddable":true,"href":"https:\/\/www.oneart.lu\/en\/wp-json\/wp\/v2\/nationality?post=1063"},{"taxonomy":"categorie_type","embeddable":true,"href":"https:\/\/www.oneart.lu\/en\/wp-json\/wp\/v2\/categorie_type?post=1063"},{"taxonomy":"voices","embeddable":true,"href":"https:\/\/www.oneart.lu\/en\/wp-json\/wp\/v2\/voices?post=1063"}],"curies":[{"name":"wp","href":"https:\/\/api.w.org\/{rel}","templated":true}]}}